{"id":240,"date":"2026-01-30T18:07:56","date_gmt":"2026-01-30T18:07:56","guid":{"rendered":"https:\/\/cortometrajeveracruzano.com\/?page_id=240"},"modified":"2026-03-17T17:32:21","modified_gmt":"2026-03-17T17:32:21","slug":"convocatoria-2026","status":"publish","type":"page","link":"https:\/\/cortometrajeveracruzano.com\/index.php\/convocatoria-2026\/","title":{"rendered":"Convocatoria 2026"},"content":{"rendered":"\t\t<div data-elementor-type=\"wp-page\" data-elementor-id=\"240\" class=\"elementor elementor-240\">\n\t\t\t\t<div class=\"elementor-element elementor-element-4000f960 e-con-full e-flex e-con e-parent\" data-id=\"4000f960\" data-element_type=\"container\" data-settings=\"{&quot;background_background&quot;:&quot;classic&quot;}\">\n\t\t\t\t<div class=\"elementor-element elementor-element-6581322d elementor-widget elementor-widget-site-logo\" data-id=\"6581322d\" data-element_type=\"widget\" data-settings=\"{&quot;align&quot;:&quot;center&quot;,&quot;width&quot;:{&quot;unit&quot;:&quot;%&quot;,&quot;size&quot;:&quot;&quot;,&quot;sizes&quot;:[]},&quot;width_tablet&quot;:{&quot;unit&quot;:&quot;%&quot;,&quot;size&quot;:&quot;&quot;,&quot;sizes&quot;:[]},&quot;width_mobile&quot;:{&quot;unit&quot;:&quot;%&quot;,&quot;size&quot;:&quot;&quot;,&quot;sizes&quot;:[]},&quot;space&quot;:{&quot;unit&quot;:&quot;%&quot;,&quot;size&quot;:&quot;&quot;,&quot;sizes&quot;:[]},&quot;space_tablet&quot;:{&quot;unit&quot;:&quot;%&quot;,&quot;size&quot;:&quot;&quot;,&quot;sizes&quot;:[]},&quot;space_mobile&quot;:{&quot;unit&quot;:&quot;%&quot;,&quot;size&quot;:&quot;&quot;,&quot;sizes&quot;:[]},&quot;image_border_radius&quot;:{&quot;unit&quot;:&quot;px&quot;,&quot;top&quot;:&quot;&quot;,&quot;right&quot;:&quot;&quot;,&quot;bottom&quot;:&quot;&quot;,&quot;left&quot;:&quot;&quot;,&quot;isLinked&quot;:true},&quot;image_border_radius_tablet&quot;:{&quot;unit&quot;:&quot;px&quot;,&quot;top&quot;:&quot;&quot;,&quot;right&quot;:&quot;&quot;,&quot;bottom&quot;:&quot;&quot;,&quot;left&quot;:&quot;&quot;,&quot;isLinked&quot;:true},&quot;image_border_radius_mobile&quot;:{&quot;unit&quot;:&quot;px&quot;,&quot;top&quot;:&quot;&quot;,&quot;right&quot;:&quot;&quot;,&quot;bottom&quot;:&quot;&quot;,&quot;left&quot;:&quot;&quot;,&quot;isLinked&quot;:true},&quot;caption_padding&quot;:{&quot;unit&quot;:&quot;px&quot;,&quot;top&quot;:&quot;&quot;,&quot;right&quot;:&quot;&quot;,&quot;bottom&quot;:&quot;&quot;,&quot;left&quot;:&quot;&quot;,&quot;isLinked&quot;:true},&quot;caption_padding_tablet&quot;:{&quot;unit&quot;:&quot;px&quot;,&quot;top&quot;:&quot;&quot;,&quot;right&quot;:&quot;&quot;,&quot;bottom&quot;:&quot;&quot;,&quot;left&quot;:&quot;&quot;,&quot;isLinked&quot;:true},&quot;caption_padding_mobile&quot;:{&quot;unit&quot;:&quot;px&quot;,&quot;top&quot;:&quot;&quot;,&quot;right&quot;:&quot;&quot;,&quot;bottom&quot;:&quot;&quot;,&quot;left&quot;:&quot;&quot;,&quot;isLinked&quot;:true},&quot;caption_space&quot;:{&quot;unit&quot;:&quot;px&quot;,&quot;size&quot;:0,&quot;sizes&quot;:[]},&quot;caption_space_tablet&quot;:{&quot;unit&quot;:&quot;px&quot;,&quot;size&quot;:&quot;&quot;,&quot;sizes&quot;:[]},&quot;caption_space_mobile&quot;:{&quot;unit&quot;:&quot;px&quot;,&quot;size&quot;:&quot;&quot;,&quot;sizes&quot;:[]}}\" data-widget_type=\"site-logo.default\">\n\t\t\t\t<div class=\"elementor-widget-container\">\n\t\t\t\t\t\t\t<div class=\"hfe-site-logo\">\n\t\t\t\t\t\t\t\t\t\t\t\t\t<a data-elementor-open-lightbox=\"\"  class='elementor-clickable' href=\"https:\/\/cortometrajeveracruzano.com\/\">\n\t\t\t\t\t\t\t<div class=\"hfe-site-logo-set\">           \n\t\t\t\t<div class=\"hfe-site-logo-container\">\n\t\t\t\t\t\t\t\t\t<img decoding=\"async\" class=\"hfe-site-logo-img elementor-animation-\"  src=\"https:\/\/cortometrajeveracruzano.com\/wp-content\/uploads\/elementor\/thumbs\/Fever_Logo-Negro-01-rhzzdy9h612gj64ce1v8kaixj5w00qnzxiboqgtji8.png\" alt=\"Fever_Logo Negro-01\"\/>\n\t\t\t\t<\/div>\n\t\t\t<\/div>\n\t\t\t\t\t\t\t<\/a>\n\t\t\t\t\t\t<\/div>  \n\t\t\t\t\t\t\t<\/div>\n\t\t\t\t<\/div>\n\t\t\t\t<div class=\"elementor-element elementor-element-6cce9d68 eael-simple-menu-hamburger-align-center eael-hamburger--mobile elementor-widget elementor-widget-eael-simple-menu\" data-id=\"6cce9d68\" data-element_type=\"widget\" data-widget_type=\"eael-simple-menu.default\">\n\t\t\t\t\t<style>\n                        @media screen and (max-width: 767px) {\n                            .eael-hamburger--mobile {\n                                .eael-simple-menu-horizontal,\n                                .eael-simple-menu-vertical {\n                                    display: none;\n                                }\n                            }\n                            .eael-hamburger--mobile {\n                                .eael-simple-menu-container .eael-simple-menu-toggle {\n                                    display: block;\n                                }\n                            }\n                        }\n                    <\/style>            <div data-hamburger-icon=\"&lt;svg aria-hidden=&quot;true&quot; class=&quot;e-font-icon-svg e-fas-bars&quot; viewBox=&quot;0 0 448 512&quot; xmlns=&quot;http:\/\/www.w3.org\/2000\/svg&quot;&gt;&lt;path d=&quot;M16 132h416c8.837 0 16-7.163 16-16V76c0-8.837-7.163-16-16-16H16C7.163 60 0 67.163 0 76v40c0 8.837 7.163 16 16 16zm0 160h416c8.837 0 16-7.163 16-16v-40c0-8.837-7.163-16-16-16H16c-8.837 0-16 7.163-16 16v40c0 8.837 7.163 16 16 16zm0 160h416c8.837 0 16-7.163 16-16v-40c0-8.837-7.163-16-16-16H16c-8.837 0-16 7.163-16 16v40c0 8.837 7.163 16 16 16z&quot;&gt;&lt;\/path&gt;&lt;\/svg&gt;\" data-indicator-icon=\"&lt;svg aria-hidden=&quot;true&quot; class=&quot;e-font-icon-svg e-fas-angle-down&quot; viewBox=&quot;0 0 320 512&quot; xmlns=&quot;http:\/\/www.w3.org\/2000\/svg&quot;&gt;&lt;path d=&quot;M143 352.3L7 216.3c-9.4-9.4-9.4-24.6 0-33.9l22.6-22.6c9.4-9.4 24.6-9.4 33.9 0l96.4 96.4 96.4-96.4c9.4-9.4 24.6-9.4 33.9 0l22.6 22.6c9.4 9.4 9.4 24.6 0 33.9l-136 136c-9.2 9.4-24.4 9.4-33.8 0z&quot;&gt;&lt;\/path&gt;&lt;\/svg&gt;\" data-dropdown-indicator-icon=\"&lt;svg class=&quot;e-font-icon-svg e-fas-angle-down&quot; viewBox=&quot;0 0 320 512&quot; xmlns=&quot;http:\/\/www.w3.org\/2000\/svg&quot;&gt;&lt;path d=&quot;M143 352.3L7 216.3c-9.4-9.4-9.4-24.6 0-33.9l22.6-22.6c9.4-9.4 24.6-9.4 33.9 0l96.4 96.4 96.4-96.4c9.4-9.4 24.6-9.4 33.9 0l22.6 22.6c9.4 9.4 9.4 24.6 0 33.9l-136 136c-9.2 9.4-24.4 9.4-33.8 0z&quot;&gt;&lt;\/path&gt;&lt;\/svg&gt;\" class=\"eael-simple-menu-container eael-simple-menu-align-right eael-simple-menu--stretch eael-simple-menu-dropdown-align-left preset-2\" data-hamburger-breakpoints=\"{&quot;mobile&quot;:&quot;M\\u00f3vil vertical (&gt; 767px)&quot;,&quot;tablet&quot;:&quot;Tableta vertical (&gt; 1024px)&quot;,&quot;desktop&quot;:&quot;Escritorio (&gt; 2400px)&quot;,&quot;none&quot;:&quot;Ninguno&quot;}\" data-hamburger-device=\"mobile\">\n                <ul id=\"menu-menu-principal\" class=\"eael-simple-menu eael-simple-menu-dropdown-animate-to-top eael-simple-menu-indicator eael-simple-menu-horizontal\"><li id=\"menu-item-14\" class=\"menu-item menu-item-type-post_type menu-item-object-page menu-item-home menu-item-14\"><a href=\"https:\/\/cortometrajeveracruzano.com\/\">Inicio<\/a><\/li>\n<li id=\"menu-item-211\" class=\"menu-item menu-item-type-post_type menu-item-object-page menu-item-211\"><a href=\"https:\/\/cortometrajeveracruzano.com\/index.php\/el-festival\/\">El Festival<\/a><\/li>\n<li id=\"menu-item-288\" class=\"menu-item menu-item-type-post_type menu-item-object-page menu-item-288\"><a href=\"https:\/\/cortometrajeveracruzano.com\/index.php\/convocatoria-2026\/\">Convocatoria 2026<\/a><\/li>\n<\/ul>                <button class=\"eael-simple-menu-toggle\">\n                    <span class=\"sr-only \">Men\u00fa conmutador hamburguesa<\/span>\n                    <svg aria-hidden=\"true\" class=\"e-font-icon-svg e-fas-bars\" viewBox=\"0 0 448 512\" xmlns=\"http:\/\/www.w3.org\/2000\/svg\"><path d=\"M16 132h416c8.837 0 16-7.163 16-16V76c0-8.837-7.163-16-16-16H16C7.163 60 0 67.163 0 76v40c0 8.837 7.163 16 16 16zm0 160h416c8.837 0 16-7.163 16-16v-40c0-8.837-7.163-16-16-16H16c-8.837 0-16 7.163-16 16v40c0 8.837 7.163 16 16 16zm0 160h416c8.837 0 16-7.163 16-16v-40c0-8.837-7.163-16-16-16H16c-8.837 0-16 7.163-16 16v40c0 8.837 7.163 16 16 16z\"><\/path><\/svg>                <\/button>\n            <\/div>\n            \t\t\t\t<\/div>\n\t\t\t\t<\/div>\n\t\t<div class=\"elementor-element elementor-element-3302cee e-con-full e-flex e-con e-parent\" data-id=\"3302cee\" data-element_type=\"container\">\n\t\t\t\t<div class=\"elementor-element elementor-element-0d7051f elementor-widget elementor-widget-video\" data-id=\"0d7051f\" data-element_type=\"widget\" data-settings=\"{&quot;youtube_url&quot;:&quot;https:\\\/\\\/youtu.be\\\/wxUpH0lURIA&quot;,&quot;autoplay&quot;:&quot;yes&quot;,&quot;video_type&quot;:&quot;youtube&quot;,&quot;controls&quot;:&quot;yes&quot;}\" data-widget_type=\"video.default\">\n\t\t\t\t\t\t\t<div class=\"elementor-wrapper elementor-open-inline\">\n\t\t\t<div class=\"elementor-video\"><\/div>\t\t<\/div>\n\t\t\t\t\t\t<\/div>\n\t\t<div class=\"elementor-element elementor-element-3a50458 e-con-full e-flex e-con e-child\" data-id=\"3a50458\" data-element_type=\"container\">\n\t\t\t\t<div class=\"elementor-element elementor-element-7bb6f28 elementor-widget elementor-widget-image\" data-id=\"7bb6f28\" data-element_type=\"widget\" data-widget_type=\"image.default\">\n\t\t\t\t\t\t\t\t\t\t\t\t\t\t\t<img fetchpriority=\"high\" decoding=\"async\" width=\"2560\" height=\"974\" src=\"https:\/\/cortometrajeveracruzano.com\/wp-content\/uploads\/2026\/03\/Facebook_-scaled.jpg\" class=\"attachment-full size-full wp-image-387\" alt=\"\" srcset=\"https:\/\/cortometrajeveracruzano.com\/wp-content\/uploads\/2026\/03\/Facebook_-scaled.jpg 2560w, https:\/\/cortometrajeveracruzano.com\/wp-content\/uploads\/2026\/03\/Facebook_-300x114.jpg 300w, https:\/\/cortometrajeveracruzano.com\/wp-content\/uploads\/2026\/03\/Facebook_-1024x390.jpg 1024w, https:\/\/cortometrajeveracruzano.com\/wp-content\/uploads\/2026\/03\/Facebook_-768x292.jpg 768w, https:\/\/cortometrajeveracruzano.com\/wp-content\/uploads\/2026\/03\/Facebook_-1536x584.jpg 1536w, https:\/\/cortometrajeveracruzano.com\/wp-content\/uploads\/2026\/03\/Facebook_-2048x779.jpg 2048w\" sizes=\"(max-width: 2560px) 100vw, 2560px\" \/>\t\t\t\t\t\t\t\t\t\t\t\t\t\t\t<\/div>\n\t\t\t\t<\/div>\n\t\t\t\t<div class=\"elementor-element elementor-element-55c4a37 elementor-widget-divider--view-line_text elementor-widget-divider--element-align-right elementor-widget elementor-widget-divider\" data-id=\"55c4a37\" data-element_type=\"widget\" data-widget_type=\"divider.default\">\n\t\t\t\t\t\t\t<div class=\"elementor-divider\">\n\t\t\t<span class=\"elementor-divider-separator\">\n\t\t\t\t\t\t\t<span class=\"elementor-divider__text elementor-divider__element\">\n\t\t\t\t<b>Bases de participaci\u00f3n<\/b>\t\t\t\t<\/span>\n\t\t\t\t\t\t<\/span>\n\t\t<\/div>\n\t\t\t\t\t\t<\/div>\n\t\t\t\t<\/div>\n\t\t<div class=\"elementor-element elementor-element-066ac28 e-flex e-con-boxed e-con e-parent\" data-id=\"066ac28\" data-element_type=\"container\">\n\t\t\t\t\t<div class=\"e-con-inner\">\n\t\t<div class=\"elementor-element elementor-element-7c6740a e-con-full e-flex e-con e-child\" data-id=\"7c6740a\" data-element_type=\"container\">\n\t\t\t\t<div class=\"elementor-element elementor-element-d034ffa elementor-widget elementor-widget-image\" data-id=\"d034ffa\" data-element_type=\"widget\" data-widget_type=\"image.default\">\n\t\t\t\t\t\t\t\t\t\t\t\t\t\t\t<img decoding=\"async\" width=\"640\" height=\"1024\" src=\"https:\/\/cortometrajeveracruzano.com\/wp-content\/uploads\/2026\/01\/CONVOCATORIA-FEVER-2026-1-640x1024.png\" class=\"attachment-large size-large wp-image-245\" alt=\"\" srcset=\"https:\/\/cortometrajeveracruzano.com\/wp-content\/uploads\/2026\/01\/CONVOCATORIA-FEVER-2026-1-640x1024.png 640w, https:\/\/cortometrajeveracruzano.com\/wp-content\/uploads\/2026\/01\/CONVOCATORIA-FEVER-2026-1-188x300.png 188w, https:\/\/cortometrajeveracruzano.com\/wp-content\/uploads\/2026\/01\/CONVOCATORIA-FEVER-2026-1-768x1229.png 768w, https:\/\/cortometrajeveracruzano.com\/wp-content\/uploads\/2026\/01\/CONVOCATORIA-FEVER-2026-1-960x1536.png 960w, https:\/\/cortometrajeveracruzano.com\/wp-content\/uploads\/2026\/01\/CONVOCATORIA-FEVER-2026-1.png 1200w\" sizes=\"(max-width: 640px) 100vw, 640px\" \/>\t\t\t\t\t\t\t\t\t\t\t\t\t\t\t<\/div>\n\t\t\t\t<\/div>\n\t\t<div class=\"elementor-element elementor-element-40cbee8 e-con-full e-flex e-con e-child\" data-id=\"40cbee8\" data-element_type=\"container\">\n\t\t\t\t<div class=\"elementor-element elementor-element-2891c47 elementor-widget elementor-widget-text-editor\" data-id=\"2891c47\" data-element_type=\"widget\" data-widget_type=\"text-editor.default\">\n\t\t\t\t\t\t\t\t\t<h5><b>El Festival de Cortometraje Veracruzano (FEVER) convoca e invita a realizadorxs audiovisuales, que cuenten con producciones audiovisuales realizadas dentro y fuera del territorio veracruzano a participar en su cuarta edici\u00f3n, 2026. Misma que tendr\u00e1 como sede principal la ciudad de Xalapa Veracruz, as\u00ed como una serie de itinerancias en diversos municipios del estado.<\/b><\/h5><h5><span style=\"font-weight: 400;\">FEVER es un espacio dedicado para la exhibici\u00f3n, difusi\u00f3n y reflexi\u00f3n en torno al cine y el audiovisual;con un especial \u00e9nfasis en las producciones vinculadas al territorio veracruzano. Priorizamos el di\u00e1logo entre creadores e impulsamos la participaci\u00f3n activa del p\u00fablico, al que consideramos un actor fundamental dentro del circuito de la exhibici\u00f3n.<\/span><\/h5><h5><span style=\"font-weight: 400;\">Nuestro objetivo es contribuir al fortalecimiento de la producci\u00f3n audiovisual, as\u00ed como trazar una cartograf\u00eda de las formas, m\u00e9todos, intereses y din\u00e1micas propias del cine hecho en Veracruz. El Festival no se concibe como un espacio competitivo, sino que centra sus esfuerzos en generar una plataforma de exhibici\u00f3n para la difusi\u00f3n de las obras fuera del espect\u00e1culo medi\u00e1tico. Entendemos la exhibici\u00f3n como un ejercicio colectivo que fortalece los circuitos locales y comunitarios.\u00a0<\/span><\/h5>\t\t\t\t\t\t\t\t<\/div>\n\t\t\t\t<\/div>\n\t\t\t\t\t<\/div>\n\t\t\t\t<\/div>\n\t\t<div class=\"elementor-element elementor-element-db6b9fd e-grid e-con-boxed e-con e-parent\" data-id=\"db6b9fd\" data-element_type=\"container\">\n\t\t\t\t\t<div class=\"e-con-inner\">\n\t\t\t\t<div class=\"elementor-element elementor-element-1f68544 elementor-widget elementor-widget-text-editor\" data-id=\"1f68544\" data-element_type=\"widget\" data-widget_type=\"text-editor.default\">\n\t\t\t\t\t\t\t\t\t<ul style=\"background-color: #000000; font-size: 16px; font-family: Helvetica, sans-serif; text-align: start;\">\n<li style=\"font-size: 16px;\">La convocatoria queda abierta a partir de su publicacio\u0301n,&nbsp;hasta el&nbsp;<span style=\"font-weight: 700;\">domingo 3 de mayo a las 23:59 hrs<\/span><span style=\"font-weight: bolder;\">.&nbsp;<\/span>Tiempo de Me\u0301xico.<\/li><\/ul><div style=\"text-align: start;\"><font face=\"Helvetica, sans-serif\"><br><\/font><\/div><ul style=\"background-color: #000000; font-size: 16px; font-family: Helvetica, sans-serif; text-align: start;\">\n<li style=\"font-size: 16px;\">Podr\u00e1n participar todas las producciones nacionales y locales o extranjeras, realizadas a partir de&nbsp;<span style=\"font-weight: bolder;\">enero de 2025<\/span>&nbsp;al cierre de la convocatoria, que cumplan con los requisitos establecidos de acuerdo con las categor\u00edas.<\/li>\n<ul style=\"background-color: rgb(0, 0, 0); font-size: 16px; font-family: Roboto, sans-serif;\"><\/ul>\n<\/ul>\t\t\t\t\t\t\t\t<\/div>\n\t\t\t\t<div class=\"elementor-element elementor-element-86e8aad elementor-widget elementor-widget-text-editor\" data-id=\"86e8aad\" data-element_type=\"widget\" data-widget_type=\"text-editor.default\">\n\t\t\t\t\t\t\t\t\t<ul style=\"background-color: #000000; font-size: 16px; font-family: Helvetica, sans-serif; text-align: start;\"><li style=\"font-size: 16px;\">Los cortometrajes o piezas audiovisuales que hayan sido realizados en otra lengua que no sea espa\u00f1ol, deber\u00e1n contar con<span style=\"font-weight: bolder;\">\u00a0subti\u0301tulos<\/span>,\u00a0<u>de lo contrario no ser\u00e1n aceptados.<\/u><\/li><\/ul><div style=\"text-align: start;\">\u00a0<\/div><ul style=\"background-color: #000000; font-size: 16px; font-family: Helvetica, sans-serif; text-align: start;\"><li style=\"font-size: 16px;\">Lxs participantes podra\u0301n inscribir uno o ma\u0301s trabajos dentro de las diferentes categori\u0301as se\u00f1aladas en la Convocatoria (se deber\u00e1 completar un formulario de registro por cada material).<\/li><\/ul>\t\t\t\t\t\t\t\t<\/div>\n\t\t\t\t\t<\/div>\n\t\t\t\t<\/div>\n\t\t<div class=\"elementor-element elementor-element-aa8c336 e-flex e-con-boxed e-con e-parent\" data-id=\"aa8c336\" data-element_type=\"container\">\n\t\t\t\t\t<div class=\"e-con-inner\">\n\t\t\t\t<div class=\"elementor-element elementor-element-f4b75e9 elementor-widget elementor-widget-text-editor\" data-id=\"f4b75e9\" data-element_type=\"widget\" data-widget_type=\"text-editor.default\">\n\t\t\t\t\t\t\t\t\t<p><b><br><\/b><\/p><p><b>La inscripci\u00f3n de materiales audiovisuales a la presente convocatoria&nbsp;&nbsp;<\/b><b style=\"font-size: 1rem;\">implica la aceptaci\u00f3n de los t\u00e9rminos y condiciones estipulados en la misma.<\/b><\/p>\t\t\t\t\t\t\t\t<\/div>\n\t\t\t\t\t<\/div>\n\t\t\t\t<\/div>\n\t\t<div class=\"elementor-element elementor-element-e4d7891 e-flex e-con-boxed e-con e-parent\" data-id=\"e4d7891\" data-element_type=\"container\">\n\t\t\t\t\t<div class=\"e-con-inner\">\n\t\t\t\t<div class=\"elementor-element elementor-element-573814a elementor-widget-divider--view-line_text elementor-widget-divider--element-align-right elementor-widget elementor-widget-divider\" data-id=\"573814a\" data-element_type=\"widget\" data-widget_type=\"divider.default\">\n\t\t\t\t\t\t\t<div class=\"elementor-divider\">\n\t\t\t<span class=\"elementor-divider-separator\">\n\t\t\t\t\t\t\t<span class=\"elementor-divider__text elementor-divider__element\">\n\t\t\t\t<b>Categor\u00edas<\/b>\t\t\t\t<\/span>\n\t\t\t\t\t\t<\/span>\n\t\t<\/div>\n\t\t\t\t\t\t<\/div>\n\t\t\t\t\t<\/div>\n\t\t\t\t<\/div>\n\t\t<div class=\"elementor-element elementor-element-a486807 e-grid e-con-boxed e-con e-parent\" data-id=\"a486807\" data-element_type=\"container\">\n\t\t\t\t\t<div class=\"e-con-inner\">\n\t\t\t\t<div class=\"elementor-element elementor-element-692bc05 elementor-widget elementor-widget-text-editor\" data-id=\"692bc05\" data-element_type=\"widget\" data-widget_type=\"text-editor.default\">\n\t\t\t\t\t\t\t\t\t<ul style=\"background-color: #000000; font-size: 16px; font-family: Helvetica, sans-serif; text-align: start;\">\n<li style=\"font-size: 16px;\"><span style=\"font-weight: bolder;\">Animaci\u00f3n&nbsp;<\/span>| Duraci\u00f3n ma\u0301xima 25 min.<\/li>\n<\/ul>\n<p style=\"font-family: Helvetica, sans-serif; font-size: 16px; text-align: start;\">Piezas realizadas mediante t\u00e9cnicas de animaci\u00f3n: stop motion, 2D, 3D, motion graphics u otras t\u00e9cnicas animadas. Se aceptan propuestas narrativas, experimentales o h\u00edbridas, siempre que el recurso principal sea la animaci\u00f3n.<\/p><p style=\"font-family: Helvetica, sans-serif; font-size: 16px; text-align: start;\"><br><\/p>\n<ul style=\"background-color: #000000; font-size: 16px; font-family: Helvetica, sans-serif; text-align: start;\">\n<li style=\"font-size: 16px;\"><span style=\"font-weight: bolder;\">Ficci\u00f3n<\/span>| Duraci\u00f3n ma\u0301xima 25 min.<\/li>\n<\/ul>\n<p style=\"font-family: Helvetica, sans-serif; font-size: 16px; text-align: start;\">Piezas audiovisuales de car\u00e1cter narrativo que construyan una historia a partir de personajes, situaciones y acciones, independientemente del formato o t\u00e9cnica.<\/p>\t\t\t\t\t\t\t\t<\/div>\n\t\t\t\t<div class=\"elementor-element elementor-element-5aa17ed elementor-widget elementor-widget-text-editor\" data-id=\"5aa17ed\" data-element_type=\"widget\" data-widget_type=\"text-editor.default\">\n\t\t\t\t\t\t\t\t\t<ul style=\"background-color: #000000; font-size: 16px; font-family: Helvetica, sans-serif; text-align: start;\"><li style=\"font-size: 16px;\"><span style=\"font-weight: bolder;\">Documental<\/span>| Duraci\u00f3n ma\u0301xima 25 min.<\/li><\/ul><p style=\"font-family: Helvetica, sans-serif; font-size: 16px; text-align: start;\">Piezas que aborden la realidad, incluyendo enfoques observacionales, testimoniales, ensay\u00edsticos o h\u00edbridos, siempre que partan de hechos, personas o contextos situados.<\/p><ul style=\"background-color: #000000; font-size: 16px; font-family: Helvetica, sans-serif; text-align: start;\"><li style=\"font-size: 16px;\"><span style=\"font-weight: bolder;\">Experimental y otras narrativas<\/span>| Duraci\u00f3n ma\u0301xima 10 min.<\/li><\/ul><p style=\"font-family: Helvetica, sans-serif; font-size: 16px; text-align: start;\">Piezas que exploren el lenguaje audiovisual desde propuestas no convencionales. Incluye, entre otros, el video experimental, videoarte, videodanza, videoensayo y formatos h\u00edbridos que no se inscriban estrictamente en las categorias anteriores.<\/p>\t\t\t\t\t\t\t\t<\/div>\n\t\t\t\t\t<\/div>\n\t\t\t\t<\/div>\n\t\t<div class=\"elementor-element elementor-element-1345ea8 e-flex e-con-boxed e-con e-parent\" data-id=\"1345ea8\" data-element_type=\"container\">\n\t\t\t\t\t<div class=\"e-con-inner\">\n\t\t\t\t<div class=\"elementor-element elementor-element-046641d elementor-widget-divider--view-line_text elementor-widget-divider--element-align-center elementor-widget elementor-widget-divider\" data-id=\"046641d\" data-element_type=\"widget\" data-widget_type=\"divider.default\">\n\t\t\t\t\t\t\t<div class=\"elementor-divider\">\n\t\t\t<span class=\"elementor-divider-separator\">\n\t\t\t\t\t\t\t<span class=\"elementor-divider__text elementor-divider__element\">\n\t\t\t\t<b>\u00a1Aplica ahora!<\/b>\t\t\t\t<\/span>\n\t\t\t\t\t\t<\/span>\n\t\t<\/div>\n\t\t\t\t\t\t<\/div>\n\t\t\t\t\t<\/div>\n\t\t\t\t<\/div>\n\t\t<div class=\"elementor-element elementor-element-86cea89 e-grid e-con-boxed e-con e-parent\" data-id=\"86cea89\" data-element_type=\"container\">\n\t\t\t\t\t<div class=\"e-con-inner\">\n\t\t\t\t<div class=\"elementor-element elementor-element-7af8650 elementor-align-center elementor-widget elementor-widget-button\" data-id=\"7af8650\" data-element_type=\"widget\" data-widget_type=\"button.default\">\n\t\t\t\t\t\t\t\t\t\t<a class=\"elementor-button elementor-button-link elementor-size-sm\" href=\"https:\/\/filmfreeway.com\/FestivaldeCortometrajeVeracruzano\">\n\t\t\t\t\t\t<span class=\"elementor-button-content-wrapper\">\n\t\t\t\t\t\t\t\t\t<span class=\"elementor-button-text\">Aplica v\u00eda FilmFreeWay<\/span>\n\t\t\t\t\t<\/span>\n\t\t\t\t\t<\/a>\n\t\t\t\t\t\t\t\t<\/div>\n\t\t\t\t<div class=\"elementor-element elementor-element-98314b1 elementor-align-center elementor-widget elementor-widget-button\" data-id=\"98314b1\" data-element_type=\"widget\" data-widget_type=\"button.default\">\n\t\t\t\t\t\t\t\t\t\t<a class=\"elementor-button elementor-button-link elementor-size-sm\" href=\"https:\/\/forms.gle\/2ASrjuAHVgQPzL98A\">\n\t\t\t\t\t\t<span class=\"elementor-button-content-wrapper\">\n\t\t\t\t\t\t\t\t\t<span class=\"elementor-button-text\">Aplica v\u00eda Google Forms<\/span>\n\t\t\t\t\t<\/span>\n\t\t\t\t\t<\/a>\n\t\t\t\t\t\t\t\t<\/div>\n\t\t\t\t\t<\/div>\n\t\t\t\t<\/div>\n\t\t<div class=\"elementor-element elementor-element-12c4b7d e-flex e-con-boxed e-con e-parent\" data-id=\"12c4b7d\" data-element_type=\"container\">\n\t\t\t\t\t<div class=\"e-con-inner\">\n\t\t\t\t<div class=\"elementor-element elementor-element-10835a4 elementor-align-center elementor-widget elementor-widget-button\" data-id=\"10835a4\" data-element_type=\"widget\" data-widget_type=\"button.default\">\n\t\t\t\t\t\t\t\t\t\t<a class=\"elementor-button elementor-button-link elementor-size-sm\" href=\"https:\/\/drive.google.com\/file\/d\/1YmZewRVhmcZbRyDSOhQxr9zclVRXSUQo\/view?usp=sharing\">\n\t\t\t\t\t\t<span class=\"elementor-button-content-wrapper\">\n\t\t\t\t\t\t\t\t\t<span class=\"elementor-button-text\">Consulta la convocatoria completa (PDF)<\/span>\n\t\t\t\t\t<\/span>\n\t\t\t\t\t<\/a>\n\t\t\t\t\t\t\t\t<\/div>\n\t\t\t\t\t<\/div>\n\t\t\t\t<\/div>\n\t\t<div class=\"elementor-element elementor-element-325e8b2 e-flex e-con-boxed e-con e-parent\" data-id=\"325e8b2\" data-element_type=\"container\">\n\t\t\t\t\t<div class=\"e-con-inner\">\n\t\t\t\t<div class=\"elementor-element elementor-element-7b9baaa elementor-widget-divider--view-line elementor-widget elementor-widget-divider\" data-id=\"7b9baaa\" data-element_type=\"widget\" data-widget_type=\"divider.default\">\n\t\t\t\t\t\t\t<div class=\"elementor-divider\">\n\t\t\t<span class=\"elementor-divider-separator\">\n\t\t\t\t\t\t<\/span>\n\t\t<\/div>\n\t\t\t\t\t\t<\/div>\n\t\t\t\t\t<\/div>\n\t\t\t\t<\/div>\n\t\t<div class=\"elementor-element elementor-element-41c91a9 e-flex e-con-boxed e-con e-parent\" data-id=\"41c91a9\" data-element_type=\"container\">\n\t\t\t\t\t<div class=\"e-con-inner\">\n\t\t\t\t<div class=\"elementor-element elementor-element-23cc5f4 elementor-widget-divider--view-line_text elementor-widget-divider--element-align-center elementor-widget elementor-widget-divider\" data-id=\"23cc5f4\" data-element_type=\"widget\" data-widget_type=\"divider.default\">\n\t\t\t\t\t\t\t<div class=\"elementor-divider\">\n\t\t\t<span class=\"elementor-divider-separator\">\n\t\t\t\t\t\t<\/span>\n\t\t<\/div>\n\t\t\t\t\t\t<\/div>\n\t\t\t\t\t<\/div>\n\t\t\t\t<\/div>\n\t\t<div class=\"elementor-element elementor-element-55e40c7 e-flex e-con-boxed e-con e-parent\" data-id=\"55e40c7\" data-element_type=\"container\">\n\t\t\t\t\t<div class=\"e-con-inner\">\n\t\t<div class=\"elementor-element elementor-element-107429c e-con-full e-flex e-con e-child\" data-id=\"107429c\" data-element_type=\"container\">\n\t\t\t\t<div class=\"elementor-element elementor-element-c7a289b elementor-widget elementor-widget-heading\" data-id=\"c7a289b\" data-element_type=\"widget\" data-widget_type=\"heading.default\">\n\t\t\t\t\t<h3 class=\"elementor-heading-title elementor-size-default\">FEVER es una plataforma independiente dedicada a la exhibici\u00f3n y circulaci\u00f3n del cortometraje veracruzano.<\/h3>\t\t\t\t<\/div>\n\t\t\t\t<div class=\"elementor-element elementor-element-3d2a752 elementor-widget elementor-widget-text-editor\" data-id=\"3d2a752\" data-element_type=\"widget\" data-widget_type=\"text-editor.default\">\n\t\t\t\t\t\t\t\t\t<p>Convocamos obras que dialoguen con su territorio, exploren nuevas narrativas y ampl\u00eden las miradas sobre el cine hecho en Veracruz.<br><b><\/b><\/p>\n<p><br><\/p>\n<p><span style=\"font-weight: 700;\">Dudas y contacto:<\/span>&nbsp;<a class=\"decorated-link cursor-pointer\" rel=\"noopener\" data-start=\"2554\" data-end=\"2590\">contacto@cortometrajeveracruzano.com<\/a><\/p>\t\t\t\t\t\t\t\t<\/div>\n\t\t\t\t<\/div>\n\t\t<div class=\"elementor-element elementor-element-a77579e e-con-full e-flex e-con e-child\" data-id=\"a77579e\" data-element_type=\"container\">\n\t\t\t\t<div class=\"elementor-element elementor-element-a64ee2b elementor-shape-circle elementor-grid-0 e-grid-align-center elementor-widget elementor-widget-social-icons\" data-id=\"a64ee2b\" data-element_type=\"widget\" data-widget_type=\"social-icons.default\">\n\t\t\t\t\t\t\t<div class=\"elementor-social-icons-wrapper elementor-grid\" role=\"list\">\n\t\t\t\t\t\t\t<span class=\"elementor-grid-item\" role=\"listitem\">\n\t\t\t\t\t<a class=\"elementor-icon elementor-social-icon elementor-social-icon-facebook elementor-animation-shrink elementor-repeater-item-72ce004\" href=\"https:\/\/www.facebook.com\/fevercorto\/?locale=es_LA\" target=\"_blank\">\n\t\t\t\t\t\t<span class=\"elementor-screen-only\">Facebook<\/span>\n\t\t\t\t\t\t<svg aria-hidden=\"true\" class=\"e-font-icon-svg e-fab-facebook\" viewBox=\"0 0 512 512\" xmlns=\"http:\/\/www.w3.org\/2000\/svg\"><path d=\"M504 256C504 119 393 8 256 8S8 119 8 256c0 123.78 90.69 226.38 209.25 245V327.69h-63V256h63v-54.64c0-62.15 37-96.48 93.67-96.48 27.14 0 55.52 4.84 55.52 4.84v61h-31.28c-30.8 0-40.41 19.12-40.41 38.73V256h68.78l-11 71.69h-57.78V501C413.31 482.38 504 379.78 504 256z\"><\/path><\/svg>\t\t\t\t\t<\/a>\n\t\t\t\t<\/span>\n\t\t\t\t\t\t\t<span class=\"elementor-grid-item\" role=\"listitem\">\n\t\t\t\t\t<a class=\"elementor-icon elementor-social-icon elementor-social-icon-instagram elementor-animation-shrink elementor-repeater-item-43fec65\" href=\"https:\/\/www.instagram.com\/fevercorto?igsh=MWpldmZvNXI2bzQ3Mw==\" target=\"_blank\">\n\t\t\t\t\t\t<span class=\"elementor-screen-only\">Instagram<\/span>\n\t\t\t\t\t\t<svg aria-hidden=\"true\" class=\"e-font-icon-svg e-fab-instagram\" viewBox=\"0 0 448 512\" xmlns=\"http:\/\/www.w3.org\/2000\/svg\"><path d=\"M224.1 141c-63.6 0-114.9 51.3-114.9 114.9s51.3 114.9 114.9 114.9S339 319.5 339 255.9 287.7 141 224.1 141zm0 189.6c-41.1 0-74.7-33.5-74.7-74.7s33.5-74.7 74.7-74.7 74.7 33.5 74.7 74.7-33.6 74.7-74.7 74.7zm146.4-194.3c0 14.9-12 26.8-26.8 26.8-14.9 0-26.8-12-26.8-26.8s12-26.8 26.8-26.8 26.8 12 26.8 26.8zm76.1 27.2c-1.7-35.9-9.9-67.7-36.2-93.9-26.2-26.2-58-34.4-93.9-36.2-37-2.1-147.9-2.1-184.9 0-35.8 1.7-67.6 9.9-93.9 36.1s-34.4 58-36.2 93.9c-2.1 37-2.1 147.9 0 184.9 1.7 35.9 9.9 67.7 36.2 93.9s58 34.4 93.9 36.2c37 2.1 147.9 2.1 184.9 0 35.9-1.7 67.7-9.9 93.9-36.2 26.2-26.2 34.4-58 36.2-93.9 2.1-37 2.1-147.8 0-184.8zM398.8 388c-7.8 19.6-22.9 34.7-42.6 42.6-29.5 11.7-99.5 9-132.1 9s-102.7 2.6-132.1-9c-19.6-7.8-34.7-22.9-42.6-42.6-11.7-29.5-9-99.5-9-132.1s-2.6-102.7 9-132.1c7.8-19.6 22.9-34.7 42.6-42.6 29.5-11.7 99.5-9 132.1-9s102.7-2.6 132.1 9c19.6 7.8 34.7 22.9 42.6 42.6 11.7 29.5 9 99.5 9 132.1s2.7 102.7-9 132.1z\"><\/path><\/svg>\t\t\t\t\t<\/a>\n\t\t\t\t<\/span>\n\t\t\t\t\t\t\t<span class=\"elementor-grid-item\" role=\"listitem\">\n\t\t\t\t\t<a class=\"elementor-icon elementor-social-icon elementor-social-icon-x-twitter elementor-animation-shrink elementor-repeater-item-6a5b72b\" href=\"https:\/\/x.com\/fevercorto?s=21\" target=\"_blank\">\n\t\t\t\t\t\t<span class=\"elementor-screen-only\">X-twitter<\/span>\n\t\t\t\t\t\t<svg aria-hidden=\"true\" class=\"e-font-icon-svg e-fab-x-twitter\" viewBox=\"0 0 512 512\" xmlns=\"http:\/\/www.w3.org\/2000\/svg\"><path d=\"M389.2 48h70.6L305.6 224.2 487 464H345L233.7 318.6 106.5 464H35.8L200.7 275.5 26.8 48H172.4L272.9 180.9 389.2 48zM364.4 421.8h39.1L151.1 88h-42L364.4 421.8z\"><\/path><\/svg>\t\t\t\t\t<\/a>\n\t\t\t\t<\/span>\n\t\t\t\t\t<\/div>\n\t\t\t\t\t\t<\/div>\n\t\t\t\t<div class=\"elementor-element elementor-element-5bf56c0 elementor-widget elementor-widget-text-editor\" data-id=\"5bf56c0\" data-element_type=\"widget\" data-widget_type=\"text-editor.default\">\n\t\t\t\t\t\t\t\t\t<p><b>S\u00edguenos en redes para conocer la<\/b><\/p>\n<p><b>Selecci\u00f3n Oficial y actividades del festival.<\/b><\/p>\t\t\t\t\t\t\t\t<\/div>\n\t\t\t\t<\/div>\n\t\t\t\t\t<\/div>\n\t\t\t\t<\/div>\n\t\t<div class=\"elementor-element elementor-element-dd10aac e-flex e-con-boxed e-con e-parent\" data-id=\"dd10aac\" data-element_type=\"container\">\n\t\t\t\t\t<div class=\"e-con-inner\">\n\t\t\t\t\t<\/div>\n\t\t\t\t<\/div>\n\t\t\t\t<\/div>\n\t\t","protected":false},"excerpt":{"rendered":"<p>Inicio El Festival Convocatoria 2026 Men\u00fa conmutador hamburguesa https:\/\/youtu.be\/wxUpH0lURIA Bases de participaci\u00f3n El Festival de Cortometraje Veracruzano (FEVER) convoca e invita a realizadorxs audiovisuales, que cuenten con producciones audiovisuales realizadas dentro y fuera del territorio veracruzano a participar en su cuarta edici\u00f3n, 2026. Misma que tendr\u00e1 como sede principal la ciudad de Xalapa Veracruz, as\u00ed [&hellip;]<\/p>\n","protected":false},"author":1,"featured_media":0,"parent":0,"menu_order":0,"comment_status":"closed","ping_status":"closed","template":"elementor_canvas","meta":{"footnotes":""},"class_list":["post-240","page","type-page","status-publish","hentry"],"jetpack_sharing_enabled":true,"_links":{"self":[{"href":"https:\/\/cortometrajeveracruzano.com\/index.php\/wp-json\/wp\/v2\/pages\/240","targetHints":{"allow":["GET"]}}],"collection":[{"href":"https:\/\/cortometrajeveracruzano.com\/index.php\/wp-json\/wp\/v2\/pages"}],"about":[{"href":"https:\/\/cortometrajeveracruzano.com\/index.php\/wp-json\/wp\/v2\/types\/page"}],"author":[{"embeddable":true,"href":"https:\/\/cortometrajeveracruzano.com\/index.php\/wp-json\/wp\/v2\/users\/1"}],"replies":[{"embeddable":true,"href":"https:\/\/cortometrajeveracruzano.com\/index.php\/wp-json\/wp\/v2\/comments?post=240"}],"version-history":[{"count":76,"href":"https:\/\/cortometrajeveracruzano.com\/index.php\/wp-json\/wp\/v2\/pages\/240\/revisions"}],"predecessor-version":[{"id":397,"href":"https:\/\/cortometrajeveracruzano.com\/index.php\/wp-json\/wp\/v2\/pages\/240\/revisions\/397"}],"wp:attachment":[{"href":"https:\/\/cortometrajeveracruzano.com\/index.php\/wp-json\/wp\/v2\/media?parent=240"}],"curies":[{"name":"wp","href":"https:\/\/api.w.org\/{rel}","templated":true}]}}